{"id":390,"date":"2024-06-21T10:05:43","date_gmt":"2024-06-21T08:05:43","guid":{"rendered":"http:\/\/barbara-grodek.wbeskid.pl\/barbara-grodek\/?page_id=390"},"modified":"2024-12-31T15:07:34","modified_gmt":"2024-12-31T14:07:34","slug":"cennik-domki","status":"publish","type":"page","link":"https:\/\/barbara-grodek.pl\/index.php\/cennik-domki\/","title":{"rendered":"CENNIK DOMKI"},"content":{"rendered":"\n<div class=\"wp-block-group is-layout-constrained wp-block-group-is-layout-constrained\">\n<figure class=\"wp-block-table\"><table class=\"has-fixed-layout\"><tbody><tr><td class=\"has-text-align-center\" data-align=\"center\" colspan=\"3\"><em><strong>DOMKI W O\u015aRODKU BARBARA<\/strong><\/em><\/td><\/tr><tr><td class=\"has-text-align-center\" data-align=\"center\" rowspan=\"8\">SEZON<br>(lipiec, sierpie\u0144, weekend majowy, Bo\u017ce Cia\u0142o)<\/td><td class=\"has-text-align-center\" data-align=\"center\">Domek 4 os*<\/td><td class=\"has-text-align-center\" data-align=\"center\">380z\u0142<\/td><\/tr><tr><td class=\"has-text-align-center\" data-align=\"center\">Domek 6 os*<\/td><td class=\"has-text-align-center\" data-align=\"center\">480z\u0142<\/td><\/tr><tr><td class=\"has-text-align-center\" data-align=\"center\">Domek Piotru\u015b Pan 4os.*<\/td><td class=\"has-text-align-center\" data-align=\"center\">420z\u0142<\/td><\/tr><tr><td class=\"has-text-align-center\" data-align=\"center\">Domek 2 os.*<\/td><td class=\"has-text-align-center\" data-align=\"center\">240z\u0142<\/td><\/tr><tr><td class=\"has-text-align-center\" data-align=\"center\">Domek Oliwka 5 os*<\/td><td class=\"has-text-align-center\" data-align=\"center\">420z\u0142<\/td><\/tr><tr><td class=\"has-text-align-center\" data-align=\"center\">Domek Holenderski 6os.*<\/td><td class=\"has-text-align-center\" data-align=\"center\">380z\u0142<\/td><\/tr><tr><td class=\"has-text-align-center\" data-align=\"center\">Domek Holenderski 4 os***<\/td><td class=\"has-text-align-center\" data-align=\"center\">380z\u0142<\/td><\/tr><tr><td class=\"has-text-align-center\" data-align=\"center\">Domek Holenderski Focus 8os. ****<\/td><td class=\"has-text-align-center\" data-align=\"center\">720z\u0142<\/td><\/tr><tr><td class=\"has-text-align-center\" data-align=\"center\" rowspan=\"3\">POZA SEZONEM Cena zale\u017cna od ilo\u015bci os\u00f3b (maj, czerwiec, wrzesie\u0144, pa\u017adziernik, z wy\u0142\u0105czeniem weekendu majowego i Bo\u017cego Cia\u0142a)<\/td><td class=\"has-text-align-center\" data-align=\"center\">1 osoba<\/td><td class=\"has-text-align-center\" data-align=\"center\">130z\u0142\/os<\/td><\/tr><tr><td class=\"has-text-align-center\" data-align=\"center\">2 osoby<\/td><td class=\"has-text-align-center\" data-align=\"center\">110z\u0142\/os<\/td><\/tr><tr><td class=\"has-text-align-center\" data-align=\"center\">3 osoby i wi\u0119cej<\/td><td class=\"has-text-align-center\" data-align=\"center\">90z\u0142\/os<\/td><\/tr><tr><td class=\"has-text-align-center\" data-align=\"center\" colspan=\"3\"><strong>DODATKOWE OP\u0141ATY<\/strong><\/td><\/tr><tr><td class=\"has-text-align-center\" data-align=\"center\" colspan=\"2\">Kaucja zwrotna (p\u0142atna got\u00f3wk\u0105 w pierwszym dniu pobytu)<\/td><td class=\"has-text-align-center\" data-align=\"center\">200z\u0142<\/td><\/tr><tr><td class=\"has-text-align-center\" data-align=\"center\" colspan=\"2\">Op\u0142ata miejscowa ((p\u0142atna got\u00f3wk\u0105 w pierwszym dniu pobytu)<\/td><td class=\"has-text-align-center\" data-align=\"center\">3,30z\u0142\/os\/doba<\/td><\/tr><tr><td class=\"has-text-align-center\" data-align=\"center\" colspan=\"2\">Ka\u017cda dodatkowa osoba (maksymalnie 2 dodatkowe osoby).<\/td><td class=\"has-text-align-center\" data-align=\"center\">40z\u0142\/doba<\/td><\/tr><tr><td class=\"has-text-align-center\" data-align=\"center\" colspan=\"2\">Zwierz\u0119<\/td><td class=\"has-text-align-center\" data-align=\"center\">40z\u0142\/doba<\/td><\/tr><tr><td class=\"has-text-align-center\" data-align=\"center\" colspan=\"2\">Ogrzewanie (op\u0142ata pobierana dodatkowo)<\/td><td class=\"has-text-align-center\" data-align=\"center\">20z\u0142\/dob\u0119<\/td><\/tr><tr><td class=\"has-text-align-center\" data-align=\"center\" colspan=\"3\"><strong>O\u015brodek Wypoczynkowy Barbara zastrzega sobie prawo do zmiany cen w przypadku drastycznego wzrostu cen medi\u00f3w (wody, \u015bciek\u00f3w, pr\u0105du i \u015bmieci).<\/strong><\/td><\/tr><\/tbody><\/table><\/figure>\n<\/div>\n\n\n\n<p>Oznaczenia<br>* Domek z prywatn\u0105 \u0142azienk\u0105, wyposa\u017cony w lod\u00f3wk\u0119, czajnik, szklanki, telewizor, w domku nie ma mo\u017cliwo\u015bci gotowania<br>***Domek z prywatn\u0105 \u0142azienk\u0105, wyposa\u017cony w lod\u00f3wk\u0119, czajnik, szklanki w domku nie ma mo\u017cliwo\u015bci gotowania<br>**** Domek z prywatn\u0105 \u0142azienk\u0105 i osobno toalet\u0105 , wyposa\u017cony w lod\u00f3wk\u0119, czajnik, szklanki, w domku nie ma mo\u017cliwo\u015bci gotowania<\/p>\n\n\n\n<p><\/p>\n","protected":false},"excerpt":{"rendered":"<p>DOMKI W O\u015aRODKU BARBARA SEZON(lipiec, sierpie\u0144, weekend majowy, Bo\u017ce Cia\u0142o) Domek 4 os* 380z\u0142 Domek 6 os* 480z\u0142 Domek Piotru\u015b Pan 4os.* 420z\u0142 Domek 2 os.* 240z\u0142 Domek Oliwka 5 os* 420z\u0142 Domek Holenderski 6os.* 380z\u0142 Domek Holenderski 4 os*** 380z\u0142 Domek Holenderski Focus 8os. **** 720z\u0142 POZA SEZONEM Cena zale\u017cna od ilo\u015bci os\u00f3b (maj, [&hellip;]<\/p>\n","protected":false},"author":2,"featured_media":0,"parent":0,"menu_order":0,"comment_status":"closed","ping_status":"closed","template":"","meta":{"footnotes":""},"class_list":["post-390","page","type-page","status-publish","hentry"],"blocksy_meta":[],"_links":{"self":[{"href":"https:\/\/barbara-grodek.pl\/index.php\/wp-json\/wp\/v2\/pages\/390","targetHints":{"allow":["GET"]}}],"collection":[{"href":"https:\/\/barbara-grodek.pl\/index.php\/wp-json\/wp\/v2\/pages"}],"about":[{"href":"https:\/\/barbara-grodek.pl\/index.php\/wp-json\/wp\/v2\/types\/page"}],"author":[{"embeddable":true,"href":"https:\/\/barbara-grodek.pl\/index.php\/wp-json\/wp\/v2\/users\/2"}],"replies":[{"embeddable":true,"href":"https:\/\/barbara-grodek.pl\/index.php\/wp-json\/wp\/v2\/comments?post=390"}],"version-history":[{"count":5,"href":"https:\/\/barbara-grodek.pl\/index.php\/wp-json\/wp\/v2\/pages\/390\/revisions"}],"predecessor-version":[{"id":875,"href":"https:\/\/barbara-grodek.pl\/index.php\/wp-json\/wp\/v2\/pages\/390\/revisions\/875"}],"wp:attachment":[{"href":"https:\/\/barbara-grodek.pl\/index.php\/wp-json\/wp\/v2\/media?parent=390"}],"curies":[{"name":"wp","href":"https:\/\/api.w.org\/{rel}","templated":true}]}}