{"id":8,"date":"2024-05-29T11:56:51","date_gmt":"2024-05-29T09:56:51","guid":{"rendered":"http:\/\/barbara-grodek.wbeskid.pl\/barbara-grodek\/?page_id=8"},"modified":"2024-07-09T14:34:43","modified_gmt":"2024-07-09T12:34:43","slug":"strona-glowna","status":"publish","type":"page","link":"https:\/\/barbara-grodek.pl\/","title":{"rendered":"WITAMY NA STRONIE O\u015aRODKA WYPOCZYNKOWEGO BARBARA"},"content":{"rendered":"\n\n\n\n\n<h5 class=\"wp-block-heading has-text-align-left\">REJSY STATKIEM\u00a0<strong>PO JEZIORZE RO\u017bNOWSKIM<\/strong><\/h5>\n\n\n\n<div class=\"wp-block-columns is-layout-flex wp-container-core-columns-is-layout-28f84493 wp-block-columns-is-layout-flex\">\n<div class=\"wp-block-column is-layout-flow wp-block-column-is-layout-flow\">\n<div class=\"wp-block-media-text is-stacked-on-mobile\"><figure class=\"wp-block-media-text__media\"><img loading=\"lazy\" decoding=\"async\" width=\"1024\" height=\"576\" src=\"https:\/\/barbara-grodek.pl\/barbara-grodek\/wp-content\/uploads\/2024\/06\/20180709_101828-edited-1024x576.jpg\" alt=\"\" class=\"wp-image-272 size-full\" srcset=\"https:\/\/barbara-grodek.pl\/wp-content\/uploads\/2024\/06\/20180709_101828-edited-1024x576.jpg 1024w, https:\/\/barbara-grodek.pl\/wp-content\/uploads\/2024\/06\/20180709_101828-edited-300x169.jpg 300w, https:\/\/barbara-grodek.pl\/wp-content\/uploads\/2024\/06\/20180709_101828-edited-768x432.jpg 768w, https:\/\/barbara-grodek.pl\/wp-content\/uploads\/2024\/06\/20180709_101828-edited-1536x864.jpg 1536w, https:\/\/barbara-grodek.pl\/wp-content\/uploads\/2024\/06\/20180709_101828-edited-2048x1152.jpg 2048w\" sizes=\"auto, (max-width: 1024px) 100vw, 1024px\" \/><\/figure><div class=\"wp-block-media-text__content\">\n<p class=\"has-text-align-left\">Zapraszamy na nasz\u0105 przysta\u0144, sk\u0105d wyruszaj\u0105 statki wycieczkowe na rejsy do zapory wodnej w Ro\u017cnowie.<\/p>\n\n\n\n<p class=\"has-text-align-left\">Istnieje mo\u017cliwo\u015b\u0107 wynaj\u0119cia ca\u0142ej jednostki. W sezonie letnim rejsy odbywaj\u0105 si\u0119 codziennie.<\/p>\n\n\n\n<p class=\"has-text-align-left\">Kilka pomost\u00f3w umo\u017cliwia zacumowanie w\u0142asnej \u0142\u00f3dki.<\/p>\n\n\n\n<div class=\"wp-block-buttons is-layout-flex wp-block-buttons-is-layout-flex\">\n<div class=\"wp-block-button\"><a class=\"wp-block-button__link wp-element-button\" href=\"https:\/\/barbara-grodek.pl\/barbara-grodek\/index.php\/rejsy\/\">wi\u0119cej o rejsach <\/a><\/div>\n<\/div>\n<\/div><\/div>\n<\/div>\n<\/div>\n\n\n\n<p class=\"has-text-align-left\"><\/p>\n\n\n\n<h5 class=\"wp-block-heading has-text-align-right\">DOMKI\u00a0<strong>Z WIDOKIEM NA JEZIORO I MA\u0141PI\u0104 WYSP\u0118<\/strong><\/h5>\n\n\n\n<p><\/p>\n\n\n\n<div class=\"wp-block-columns is-layout-flex wp-container-core-columns-is-layout-28f84493 wp-block-columns-is-layout-flex\">\n<div class=\"wp-block-column is-layout-flow wp-block-column-is-layout-flow\">\n<p>Oferujemy domki  4-osobowe, 6-osobowy oraz domki drewniane i &#8222;holenderskie&#8221;. <\/p>\n\n\n\n<p>Wszystkie noclegi O\u015brodka Wypoczynkowego Barbara z widokiem na jezioro i Ma\u0142pi\u0105 Wysp\u0119.<\/p>\n\n\n\n<div class=\"wp-block-buttons is-layout-flex wp-block-buttons-is-layout-flex\">\n<div class=\"wp-block-button\"><a class=\"wp-block-button__link wp-element-button\" href=\"https:\/\/barbara-grodek.pl\/barbara-grodek\/index.php\/informacje\/\">wybierz domek dla siebie<\/a><\/div>\n<\/div>\n<\/div>\n\n\n\n<div class=\"wp-block-column is-layout-flow wp-block-column-is-layout-flow\">\n<figure data-wp-context=\"{&quot;imageId&quot;:&quot;69f571974b458&quot;}\" data-wp-interactive=\"core\/image\" data-wp-key=\"69f571974b458\" class=\"wp-block-image size-large wp-lightbox-container\"><img loading=\"lazy\" decoding=\"async\" width=\"1024\" height=\"577\" data-wp-class--hide=\"state.isContentHidden\" data-wp-class--show=\"state.isContentVisible\" data-wp-init=\"callbacks.setButtonStyles\" data-wp-on--click=\"actions.showLightbox\" data-wp-on--load=\"callbacks.setButtonStyles\" data-wp-on-window--resize=\"callbacks.setButtonStyles\" src=\"https:\/\/barbara-grodek.pl\/barbara-grodek\/wp-content\/uploads\/2024\/06\/DSC00652-1024x577.jpg\" alt=\"\" class=\"wp-image-155\" srcset=\"https:\/\/barbara-grodek.pl\/wp-content\/uploads\/2024\/06\/DSC00652-1024x577.jpg 1024w, https:\/\/barbara-grodek.pl\/wp-content\/uploads\/2024\/06\/DSC00652-300x169.jpg 300w, https:\/\/barbara-grodek.pl\/wp-content\/uploads\/2024\/06\/DSC00652-768x433.jpg 768w, https:\/\/barbara-grodek.pl\/wp-content\/uploads\/2024\/06\/DSC00652-1536x865.jpg 1536w, https:\/\/barbara-grodek.pl\/wp-content\/uploads\/2024\/06\/DSC00652-2048x1154.jpg 2048w\" sizes=\"auto, (max-width: 1024px) 100vw, 1024px\" \/><button\n\t\t\tclass=\"lightbox-trigger\"\n\t\t\ttype=\"button\"\n\t\t\taria-haspopup=\"dialog\"\n\t\t\taria-label=\"Powi\u0119ksz\"\n\t\t\tdata-wp-init=\"callbacks.initTriggerButton\"\n\t\t\tdata-wp-on--click=\"actions.showLightbox\"\n\t\t\tdata-wp-style--right=\"state.imageButtonRight\"\n\t\t\tdata-wp-style--top=\"state.imageButtonTop\"\n\t\t>\n\t\t\t<svg xmlns=\"http:\/\/www.w3.org\/2000\/svg\" width=\"12\" height=\"12\" fill=\"none\" viewBox=\"0 0 12 12\">\n\t\t\t\t<path fill=\"#fff\" d=\"M2 0a2 2 0 0 0-2 2v2h1.5V2a.5.5 0 0 1 .5-.5h2V0H2Zm2 10.5H2a.5.5 0 0 1-.5-.5V8H0v2a2 2 0 0 0 2 2h2v-1.5ZM8 12v-1.5h2a.5.5 0 0 0 .5-.5V8H12v2a2 2 0 0 1-2 2H8Zm2-12a2 2 0 0 1 2 2v2h-1.5V2a.5.5 0 0 0-.5-.5H8V0h2Z\" \/>\n\t\t\t<\/svg>\n\t\t<\/button><\/figure>\n<\/div>\n<\/div>\n\n\n\n<p class=\"has-text-align-left\"><\/p>\n\n\n\n<h5 class=\"wp-block-heading has-text-align-left\">POKOJE Z \u0141AZIENKAMI&nbsp;<strong>W CENTRUM UROKLIWEGO MIASTECZKA<\/strong><\/h5>\n\n\n\n<div class=\"wp-block-columns is-layout-flex wp-container-core-columns-is-layout-28f84493 wp-block-columns-is-layout-flex\">\n<div class=\"wp-block-column is-layout-flow wp-block-column-is-layout-flow\">\n<figure data-wp-context=\"{&quot;imageId&quot;:&quot;69f571974bb05&quot;}\" data-wp-interactive=\"core\/image\" data-wp-key=\"69f571974bb05\" class=\"wp-block-image size-large wp-lightbox-container\"><img loading=\"lazy\" decoding=\"async\" width=\"1024\" height=\"577\" data-wp-class--hide=\"state.isContentHidden\" data-wp-class--show=\"state.isContentVisible\" data-wp-init=\"callbacks.setButtonStyles\" data-wp-on--click=\"actions.showLightbox\" data-wp-on--load=\"callbacks.setButtonStyles\" data-wp-on-window--resize=\"callbacks.setButtonStyles\" src=\"https:\/\/barbara-grodek.pl\/barbara-grodek\/wp-content\/uploads\/2024\/06\/p6-01-1024x577.jpg\" alt=\"\" class=\"wp-image-281\" srcset=\"https:\/\/barbara-grodek.pl\/wp-content\/uploads\/2024\/06\/p6-01-1024x577.jpg 1024w, https:\/\/barbara-grodek.pl\/wp-content\/uploads\/2024\/06\/p6-01-300x169.jpg 300w, https:\/\/barbara-grodek.pl\/wp-content\/uploads\/2024\/06\/p6-01-768x433.jpg 768w, https:\/\/barbara-grodek.pl\/wp-content\/uploads\/2024\/06\/p6-01.jpg 1296w\" sizes=\"auto, (max-width: 1024px) 100vw, 1024px\" \/><button\n\t\t\tclass=\"lightbox-trigger\"\n\t\t\ttype=\"button\"\n\t\t\taria-haspopup=\"dialog\"\n\t\t\taria-label=\"Powi\u0119ksz\"\n\t\t\tdata-wp-init=\"callbacks.initTriggerButton\"\n\t\t\tdata-wp-on--click=\"actions.showLightbox\"\n\t\t\tdata-wp-style--right=\"state.imageButtonRight\"\n\t\t\tdata-wp-style--top=\"state.imageButtonTop\"\n\t\t>\n\t\t\t<svg xmlns=\"http:\/\/www.w3.org\/2000\/svg\" width=\"12\" height=\"12\" fill=\"none\" viewBox=\"0 0 12 12\">\n\t\t\t\t<path fill=\"#fff\" d=\"M2 0a2 2 0 0 0-2 2v2h1.5V2a.5.5 0 0 1 .5-.5h2V0H2Zm2 10.5H2a.5.5 0 0 1-.5-.5V8H0v2a2 2 0 0 0 2 2h2v-1.5ZM8 12v-1.5h2a.5.5 0 0 0 .5-.5V8H12v2a2 2 0 0 1-2 2H8Zm2-12a2 2 0 0 1 2 2v2h-1.5V2a.5.5 0 0 0-.5-.5H8V0h2Z\" \/>\n\t\t\t<\/svg>\n\t\t<\/button><\/figure>\n<\/div>\n\n\n\n<div class=\"wp-block-column is-layout-flow wp-block-column-is-layout-flow\">\n<p>Dla Naszych Mi\u0142ych Go\u015bci udostepniamy pokoje 2, 3 i 4 osobowe, wszystkie z w\u0142asn\u0105 \u0142azienk\u0105 i WC. Na wyposa\u017ceniu ka\u017cdego pokoju znajduje si\u0119 telewizor, czajnik, lod\u00f3wka oraz dost\u0119pne jest darmowe WI-FI.<\/p>\n\n\n\n<div class=\"wp-block-buttons is-layout-flex wp-block-buttons-is-layout-flex\">\n<div class=\"wp-block-button\"><a class=\"wp-block-button__link wp-element-button\" href=\"http:\/\/willaanna.wbeskid.pl\/willaanna\/\">zobacz nasz pensjonat<\/a><\/div>\n<\/div>\n<\/div>\n<\/div>\n\n\n\n<p class=\"has-text-align-left\"><\/p>\n\n\n\n<h5 class=\"wp-block-heading has-text-align-right\">JAD\u0141ODAJNIA&nbsp;<strong>Z WIDOKOWYM TARASEM<\/strong><\/h5>\n\n\n\n<div class=\"wp-block-columns is-layout-flex wp-container-core-columns-is-layout-28f84493 wp-block-columns-is-layout-flex\">\n<div class=\"wp-block-column is-layout-flow wp-block-column-is-layout-flow\">\n<p class=\"has-text-align-left\">Zapraszamy na pyszne dania do po\u0142o\u017conej nad brzegiem jeziora JAD\u0141ODAJNI.<\/p>\n\n\n\n<p class=\"has-text-align-left\">W upalne dni polecamy taras z widokiem na jezioro i wysp\u0119. Idealne miejsce na spotkanie w gronie znajomych.<\/p>\n\n\n\n<div class=\"wp-block-buttons is-layout-flex wp-block-buttons-is-layout-flex\">\n<div class=\"wp-block-button\"><a class=\"wp-block-button__link wp-element-button\" href=\"https:\/\/barbara-grodek.pl\/barbara-grodek\/index.php\/gastronomia\/\">sprawd\u017a menu<\/a><\/div>\n<\/div>\n<\/div>\n\n\n\n<div class=\"wp-block-column is-layout-flow wp-block-column-is-layout-flow\">\n<figure data-wp-context=\"{&quot;imageId&quot;:&quot;69f571974c249&quot;}\" data-wp-interactive=\"core\/image\" data-wp-key=\"69f571974c249\" class=\"wp-block-image size-large wp-lightbox-container\"><img loading=\"lazy\" decoding=\"async\" width=\"1040\" height=\"585\" data-wp-class--hide=\"state.isContentHidden\" data-wp-class--show=\"state.isContentVisible\" data-wp-init=\"callbacks.setButtonStyles\" data-wp-on--click=\"actions.showLightbox\" data-wp-on--load=\"callbacks.setButtonStyles\" data-wp-on-window--resize=\"callbacks.setButtonStyles\" src=\"https:\/\/barbara-grodek.pl\/barbara-grodek\/wp-content\/uploads\/2024\/06\/Taras-3-edited.jpg\" alt=\"\" class=\"wp-image-285\" srcset=\"https:\/\/barbara-grodek.pl\/wp-content\/uploads\/2024\/06\/Taras-3-edited.jpg 1040w, https:\/\/barbara-grodek.pl\/wp-content\/uploads\/2024\/06\/Taras-3-edited-300x169.jpg 300w, https:\/\/barbara-grodek.pl\/wp-content\/uploads\/2024\/06\/Taras-3-edited-1024x576.jpg 1024w, https:\/\/barbara-grodek.pl\/wp-content\/uploads\/2024\/06\/Taras-3-edited-768x432.jpg 768w\" sizes=\"auto, (max-width: 1040px) 100vw, 1040px\" \/><button\n\t\t\tclass=\"lightbox-trigger\"\n\t\t\ttype=\"button\"\n\t\t\taria-haspopup=\"dialog\"\n\t\t\taria-label=\"Powi\u0119ksz\"\n\t\t\tdata-wp-init=\"callbacks.initTriggerButton\"\n\t\t\tdata-wp-on--click=\"actions.showLightbox\"\n\t\t\tdata-wp-style--right=\"state.imageButtonRight\"\n\t\t\tdata-wp-style--top=\"state.imageButtonTop\"\n\t\t>\n\t\t\t<svg xmlns=\"http:\/\/www.w3.org\/2000\/svg\" width=\"12\" height=\"12\" fill=\"none\" viewBox=\"0 0 12 12\">\n\t\t\t\t<path fill=\"#fff\" d=\"M2 0a2 2 0 0 0-2 2v2h1.5V2a.5.5 0 0 1 .5-.5h2V0H2Zm2 10.5H2a.5.5 0 0 1-.5-.5V8H0v2a2 2 0 0 0 2 2h2v-1.5ZM8 12v-1.5h2a.5.5 0 0 0 .5-.5V8H12v2a2 2 0 0 1-2 2H8Zm2-12a2 2 0 0 1 2 2v2h-1.5V2a.5.5 0 0 0-.5-.5H8V0h2Z\" \/>\n\t\t\t<\/svg>\n\t\t<\/button><\/figure>\n<\/div>\n<\/div>\n\n\n\n<p class=\"has-text-align-left\"><\/p>\n\n\n\n<h5 class=\"wp-block-heading has-text-align-left\">WODNE&nbsp;<strong>ATRAKCJE<\/strong><\/h5>\n\n\n\n<div class=\"wp-block-columns is-layout-flex wp-container-core-columns-is-layout-28f84493 wp-block-columns-is-layout-flex\">\n<div class=\"wp-block-column is-layout-flow wp-block-column-is-layout-flow\">\n<figure data-wp-context=\"{&quot;imageId&quot;:&quot;69f571974c7d6&quot;}\" data-wp-interactive=\"core\/image\" data-wp-key=\"69f571974c7d6\" class=\"wp-block-image size-large wp-lightbox-container\"><img loading=\"lazy\" decoding=\"async\" width=\"1037\" height=\"584\" data-wp-class--hide=\"state.isContentHidden\" data-wp-class--show=\"state.isContentVisible\" data-wp-init=\"callbacks.setButtonStyles\" data-wp-on--click=\"actions.showLightbox\" data-wp-on--load=\"callbacks.setButtonStyles\" data-wp-on-window--resize=\"callbacks.setButtonStyles\" src=\"https:\/\/barbara-grodek.pl\/barbara-grodek\/wp-content\/uploads\/2024\/06\/310-edited.jpg\" alt=\"\" class=\"wp-image-287\" srcset=\"https:\/\/barbara-grodek.pl\/wp-content\/uploads\/2024\/06\/310-edited.jpg 1037w, https:\/\/barbara-grodek.pl\/wp-content\/uploads\/2024\/06\/310-edited-300x169.jpg 300w, https:\/\/barbara-grodek.pl\/wp-content\/uploads\/2024\/06\/310-edited-1024x577.jpg 1024w, https:\/\/barbara-grodek.pl\/wp-content\/uploads\/2024\/06\/310-edited-768x433.jpg 768w\" sizes=\"auto, (max-width: 1037px) 100vw, 1037px\" \/><button\n\t\t\tclass=\"lightbox-trigger\"\n\t\t\ttype=\"button\"\n\t\t\taria-haspopup=\"dialog\"\n\t\t\taria-label=\"Powi\u0119ksz\"\n\t\t\tdata-wp-init=\"callbacks.initTriggerButton\"\n\t\t\tdata-wp-on--click=\"actions.showLightbox\"\n\t\t\tdata-wp-style--right=\"state.imageButtonRight\"\n\t\t\tdata-wp-style--top=\"state.imageButtonTop\"\n\t\t>\n\t\t\t<svg xmlns=\"http:\/\/www.w3.org\/2000\/svg\" width=\"12\" height=\"12\" fill=\"none\" viewBox=\"0 0 12 12\">\n\t\t\t\t<path fill=\"#fff\" d=\"M2 0a2 2 0 0 0-2 2v2h1.5V2a.5.5 0 0 1 .5-.5h2V0H2Zm2 10.5H2a.5.5 0 0 1-.5-.5V8H0v2a2 2 0 0 0 2 2h2v-1.5ZM8 12v-1.5h2a.5.5 0 0 0 .5-.5V8H12v2a2 2 0 0 1-2 2H8Zm2-12a2 2 0 0 1 2 2v2h-1.5V2a.5.5 0 0 0-.5-.5H8V0h2Z\" \/>\n\t\t\t<\/svg>\n\t\t<\/button><\/figure>\n<\/div>\n\n\n\n<div class=\"wp-block-column is-layout-flow wp-block-column-is-layout-flow\">\n<p>Pla\u017ca, k\u0105pielisko, restauracja, punkty gastronomiczne, czy wypo\u017cyczalnia sprz\u0119tu wodnego albo rejsy statkiem &#8222;Jask\u00f3\u0142ka&#8221; po jeziorze s\u0105 dost\u0119pne dla Go\u015bci na preferencyjnych warunkach.<\/p>\n\n\n\n<p>Mi\u0142o\u015bnicy w\u0119dkarstwa tak\u017ce znajd\u0105 co\u015b dla siebie. <\/p>\n<\/div>\n<\/div>\n\n\n\n<p class=\"has-text-align-left\"><\/p>\n\n\n\n<p class=\"has-text-align-left\"><\/p>\n\n\n\n<h5 class=\"wp-block-heading has-text-align-left\">DOGODNA LOKALIZACJA&nbsp;<strong>DO ZWIEDZANIA OKOLICY<\/strong><\/h5>\n\n\n\n<p class=\"has-text-align-left\">Gr\u00f3dek nad Dunajcem jest to miejscowo\u015b\u0107 turystyczna usytuowana nad brzegiem jeziora Ro\u017cnowskiego, sk\u0105d blisko na g\u00f3rskie szlaki i pobliskie lasy pe\u0142ne grzyb\u00f3w.<\/p>\n\n\n\n<p class=\"has-text-align-left\">Go\u015bcie O\u015brodka Barbara i Willi Anna maj\u0105 darmowy wst\u0119p na poblisk\u0105 pla\u017c\u0119, kt\u00f3ra nale\u017cy do kompleksu. W bezpo\u015brednim s\u0105siedztwie znajduje si\u0119 zaprzyja\u017aniony park linowy Lemur &#8211; \u015bwietna gradka dla doros\u0142ych jak i dzieci.<\/p>\n\n\n\n<p class=\"has-text-align-left\">Polecamy r\u00f3wnie\u017c tzw. &#8222;ko\u0144ski ogr\u00f3dek&#8221; gdzie mo\u017cna poje\u017adzi\u0107 na kucyku albo koniu.<\/p>\n\n\n\n<h5 class=\"wp-block-heading\" style=\"font-size:clamp(14px, 0.875rem + ((1vw - 3.2px) * 0.313), 18px);\">ATRAKCJE W OKOLICY <\/h5>\n\n\n\n<ul class=\"wp-block-list\">\n<li><strong>SZLAKI TURYSTYCZNE I ROWEROWE <\/strong>(szczeg\u00f3\u0142y na stronie GOK w Gr\u00f3dku nad Dunajcem http:\/\/gokgrodek.pl\/p,76,szlaki-turystyczne)<\/li>\n\n\n\n<li><strong>ZAPORA I ELEKTROWNIA WODNA W RO\u017bNOWIE <\/strong>http:\/\/gokgrodek.pl\/a,58,roznow-zapora <\/li>\n\n\n\n<li><strong>PARK LINOWY LEMUR<\/strong><strong> <\/strong>(https:\/\/lemurpark.pl\/)<\/li>\n\n\n\n<li><strong>KO\u0143SKI OGR\u00d3DEK <\/strong>(https:\/\/www.konskiogrodek.pl\/)<\/li>\n\n\n\n<li><strong>PAINTBALL<\/strong><strong> <\/strong><strong>(<\/strong>https:\/\/www.facebook.com\/PaintballGrodek\/?locale=pl_PL)<\/li>\n\n\n\n<li><strong>WINNICA GR\u00d3DEK (winnicagrodek.pl)<\/strong><\/li>\n\n\n\n<li><strong>PRZYSTA\u0143 MOTOROWADNA KOSZARKA (<\/strong>https:\/\/www.facebook.com\/profile.php?id=100064726987673)<\/li>\n\n\n\n<li><strong>SKAMIENIA\u0141E MIASTO W CI\u0118\u017bKOWICACH <\/strong>(https:\/\/skamienialemiasto.pl\/)<\/li>\n\n\n\n<li><strong>ZABYTKOWA OSADA M\u0141Y\u0143SKA<\/strong> (https:\/\/www.facebook.com\/mlynroztoka)<\/li>\n\n\n\n<li><strong>ZAMEK TROPSZTYN <\/strong>(https:\/\/www.facebook.com\/ZamekTropsztyn\/?locale=pl_PL)<\/li>\n\n\n\n<li><strong>MOST STACHA<\/strong> (https:\/\/klubpodroznikow.com\/relacje\/polska\/polska-ciekawe-miejsca\/2133-most-stacha)<\/li>\n<\/ul>\n\n\n\n<h5 class=\"wp-block-heading has-text-align-center\">KAMERA ONLINE Z WIDOKIEM NA O\u015aRODEK I JEZIORO:<\/h5>\n\n\n\n<pre class=\"wp-block-code\"><code>  <iframe loading=\"lazy\" style=\"border:none;\" width=\"1030\" height=\"600\" src=\"\/\/streaming.km-net.pl\/hls\/grodek_jezioro2\" allowfullscreen=\"true\" webkitallowfullscreen=\"true\" mozallowfullscreen=\"true\">Loading \n            the player ...<\/iframe> <\/code><\/pre>\n","protected":false},"excerpt":{"rendered":"<p>REJSY STATKIEM\u00a0PO JEZIORZE RO\u017bNOWSKIM Zapraszamy na nasz\u0105 przysta\u0144, sk\u0105d wyruszaj\u0105 statki wycieczkowe na rejsy do zapory wodnej w Ro\u017cnowie. Istnieje mo\u017cliwo\u015b\u0107 wynaj\u0119cia ca\u0142ej jednostki. W sezonie letnim rejsy odbywaj\u0105 si\u0119 codziennie. Kilka pomost\u00f3w umo\u017cliwia zacumowanie w\u0142asnej \u0142\u00f3dki. DOMKI\u00a0Z WIDOKIEM NA JEZIORO I MA\u0141PI\u0104 WYSP\u0118 Oferujemy domki 4-osobowe, 6-osobowy oraz domki drewniane i &#8222;holenderskie&#8221;. Wszystkie noclegi [&hellip;]<\/p>\n","protected":false},"author":1,"featured_media":0,"parent":0,"menu_order":0,"comment_status":"closed","ping_status":"closed","template":"","meta":{"footnotes":""},"class_list":["post-8","page","type-page","status-publish","hentry"],"blocksy_meta":[],"_links":{"self":[{"href":"https:\/\/barbara-grodek.pl\/index.php\/wp-json\/wp\/v2\/pages\/8","targetHints":{"allow":["GET"]}}],"collection":[{"href":"https:\/\/barbara-grodek.pl\/index.php\/wp-json\/wp\/v2\/pages"}],"about":[{"href":"https:\/\/barbara-grodek.pl\/index.php\/wp-json\/wp\/v2\/types\/page"}],"author":[{"embeddable":true,"href":"https:\/\/barbara-grodek.pl\/index.php\/wp-json\/wp\/v2\/users\/1"}],"replies":[{"embeddable":true,"href":"https:\/\/barbara-grodek.pl\/index.php\/wp-json\/wp\/v2\/comments?post=8"}],"version-history":[{"count":45,"href":"https:\/\/barbara-grodek.pl\/index.php\/wp-json\/wp\/v2\/pages\/8\/revisions"}],"predecessor-version":[{"id":444,"href":"https:\/\/barbara-grodek.pl\/index.php\/wp-json\/wp\/v2\/pages\/8\/revisions\/444"}],"wp:attachment":[{"href":"https:\/\/barbara-grodek.pl\/index.php\/wp-json\/wp\/v2\/media?parent=8"}],"curies":[{"name":"wp","href":"https:\/\/api.w.org\/{rel}","templated":true}]}}