{"id":88,"date":"2024-06-03T21:17:20","date_gmt":"2024-06-03T19:17:20","guid":{"rendered":"http:\/\/barbara-grodek.wbeskid.pl\/barbara-grodek\/?page_id=88"},"modified":"2024-07-16T12:47:02","modified_gmt":"2024-07-16T10:47:02","slug":"cennik","status":"publish","type":"page","link":"https:\/\/barbara-grodek.pl\/index.php\/cennik\/","title":{"rendered":"CENNIKI"},"content":{"rendered":"\n<p class=\"has-medium-font-size\"><a href=\"https:\/\/barbara-grodek.pl\/index.php\/cennik-domki\/\">CENNIK DOMKI <\/a><\/p>\n\n\n\n<p class=\"has-medium-font-size\"><a href=\"https:\/\/barbara-grodek.pl\/index.php\/cennik-pokojow-w-willi-anna\/\" data-type=\"page\" data-id=\"422\">CENNIK POKOJ\u00d3W W WILLI ANNA <\/a><\/p>\n\n\n\n<p class=\"has-medium-font-size\"><a href=\"https:\/\/barbara-grodek.pl\/index.php\/cennik-pola-namiotowego\/\" data-type=\"link\" data-id=\"https:\/\/barbara-grodek.pl\/barbara-grodek\/index.php\/cennik-pola-namiotowego\/\">CENNIK POLA NAMIOTOWEGO<\/a><\/p>\n\n\n\n<p class=\"has-medium-font-size\"><a href=\"https:\/\/barbara-grodek.pl\/index.php\/cennik-przyczep-do-wynajecia-na-polu-namiotowym\/\" data-type=\"page\" data-id=\"432\">CENNIK PRZYCZEP DO WYNAJ\u0118CIA NA POLU NAMIOTOWYM <\/a><\/p>\n\n\n\n<p class=\"has-medium-font-size\"><a href=\"https:\/\/barbara-grodek.pl\/index.php\/cennik-rejsow-statkiem\/\" data-type=\"page\" data-id=\"435\">CENNIK REJS\u00d3W STATKIEM<\/a><\/p>\n\n\n\n<p class=\"has-medium-font-size\"><a href=\"https:\/\/barbara-grodek.pl\/index.php\/cennik-sprzetu-plywajacego\/\" data-type=\"page\" data-id=\"437\">CENNIK SPRZ\u0118TU P\u0141YWAJ\u0104CEGO<\/a><\/p>\n","protected":false},"excerpt":{"rendered":"<p>CENNIK DOMKI CENNIK POKOJ\u00d3W W WILLI ANNA CENNIK POLA NAMIOTOWEGO CENNIK PRZYCZEP DO WYNAJ\u0118CIA NA POLU NAMIOTOWYM CENNIK REJS\u00d3W STATKIEM CENNIK SPRZ\u0118TU P\u0141YWAJ\u0104CEGO<\/p>\n","protected":false},"author":1,"featured_media":0,"parent":0,"menu_order":0,"comment_status":"closed","ping_status":"closed","template":"","meta":{"footnotes":""},"class_list":["post-88","page","type-page","status-publish","hentry"],"blocksy_meta":[],"_links":{"self":[{"href":"https:\/\/barbara-grodek.pl\/index.php\/wp-json\/wp\/v2\/pages\/88","targetHints":{"allow":["GET"]}}],"collection":[{"href":"https:\/\/barbara-grodek.pl\/index.php\/wp-json\/wp\/v2\/pages"}],"about":[{"href":"https:\/\/barbara-grodek.pl\/index.php\/wp-json\/wp\/v2\/types\/page"}],"author":[{"embeddable":true,"href":"https:\/\/barbara-grodek.pl\/index.php\/wp-json\/wp\/v2\/users\/1"}],"replies":[{"embeddable":true,"href":"https:\/\/barbara-grodek.pl\/index.php\/wp-json\/wp\/v2\/comments?post=88"}],"version-history":[{"count":13,"href":"https:\/\/barbara-grodek.pl\/index.php\/wp-json\/wp\/v2\/pages\/88\/revisions"}],"predecessor-version":[{"id":461,"href":"https:\/\/barbara-grodek.pl\/index.php\/wp-json\/wp\/v2\/pages\/88\/revisions\/461"}],"wp:attachment":[{"href":"https:\/\/barbara-grodek.pl\/index.php\/wp-json\/wp\/v2\/media?parent=88"}],"curies":[{"name":"wp","href":"https:\/\/api.w.org\/{rel}","templated":true}]}}